{"id":302,"date":"2025-04-25T13:16:54","date_gmt":"2025-04-25T11:16:54","guid":{"rendered":"https:\/\/lbtherm.com\/en\/?page_id=302"},"modified":"2026-04-14T12:39:22","modified_gmt":"2026-04-14T10:39:22","slug":"datenschutzerklarung","status":"publish","type":"page","link":"https:\/\/lbtherm.com\/de\/datenschutzerklarung\/","title":{"rendered":"Datenschutzerkl\u00e4rung"},"content":{"rendered":"\n<p>Diese Datenschutzerkl\u00e4rung (im Folgenden: \u201e<strong>Datenschutzerkl\u00e4rung<\/strong>\u201d) legt die Grunds\u00e4tze f\u00fcr die Erhebung, Verarbeitung und Nutzung personenbezogener Daten fest, die wir im Zusammenhang mit Ihrer Nutzung der Website und des Kontaktformulars von Ihnen erhalten. Die Datenschutzerkl\u00e4rung enth\u00e4lt auch Informationen zu Ihren Rechten im Zusammenhang mit der Datenverarbeitung.<\/p>\n\n\n\n<ol start=\"1\" class=\"wp-block-list\">\n<li><strong>Definitionen<\/strong><\/li>\n<\/ol>\n\n\n\n<p>Wann immer im weiteren Verlauf der Datenschutzerkl\u00e4rung die folgenden Begriffe in Gro\u00dfbuchstaben verwendet werden, sind sie im unten angegebenen Sinne zu verstehen:<\/p>\n\n\n\n<ul class=\"wp-block-list\">\n<li><strong>Verantwortlicher <\/strong>\u2013 LB THERM Sp. z o.o., Maza\u0144cowice 963, 43-391 Maza\u0144cowice <\/li>\n<\/ul>\n\n\n\n<p>Steuernummer: 697-221-45-59, Umsatzsteuer-Identifikationsnummer: PL6972214559 REGON: 300623565<\/p>\n\n\n\n<ul class=\"wp-block-list\">\n<li><strong>Benutzer <\/strong>\u2013 jede Person, die die Website oder das Kontaktformular nutzt;<\/li>\n\n\n\n<li><strong>Website<\/strong> \u2013 Internetdomain <a href=\"http:\/\/www.lbtherm.com\">www.lbtherm.com<\/a>, deren Verantwortlicher LB Therm Sp. z o.o. ist;<\/li>\n\n\n\n<li><strong>Kontaktformular <\/strong>\u2013 ein elektronisch erbrachter Dienst, der auf der Website (unter der Rubrik \u201eKontakt\u201d) verf\u00fcgbar ist und dessen Zweck es ist, dem Nutzer das Senden einer Nachricht an den Verantwortlichen zu erm\u00f6glichen;<\/li>\n\n\n\n<li><strong>DSGVO <\/strong>&#8211; Verordnung (EU) 2016\/679 des Europ\u00e4ischen Parlaments und des Rates vom 27. April 2016 zum Schutz nat\u00fcrlicher Personen bei der Verarbeitung personenbezogener Daten, zum freien Datenverkehr und zur Aufhebung der Richtlinie 95\/46\/EG (Datenschutz-Grundverordnung).<\/li>\n<\/ul>\n\n\n\n<ol start=\"2\" class=\"wp-block-list\">\n<li><strong>Datenschutzbeauftragter<\/strong><\/li>\n<\/ol>\n\n\n\n<p>Der Verantwortliche erkl\u00e4rt, dass bei LB Therm Sp z o.o. ein Datenschutzbeauftragter (im Folgenden: \u201e<strong>IODO<\/strong>\u201d) ernannt wurde. Die Person, die die Funktion des Datenschutzbeauftragten aus\u00fcbt, kann per E-Mail kontaktiert werden: iod@lbtherm.com<\/p>\n\n\n\n<ol start=\"3\" class=\"wp-block-list\">\n<li><strong>Rechtsgrundlagen f\u00fcr die Verarbeitung personenbezogener Daten<\/strong><\/li>\n<\/ol>\n\n\n\n<p>Die personenbezogenen Daten des Nutzers werden vom Verantwortlichen zum Zweck der Erbringung der Dienstleistungen des Kontaktformulars verarbeitet. Die Angabe der Daten ist freiwillig, aber f\u00fcr die Nutzung der oben genannten Dienste erforderlich.<\/p>\n\n\n\n<p>Personenbezogene Daten werden auf Grundlage der vom Nutzer erteilten Einwilligung verarbeitet ( gem\u00e4\u00df Art. 6 Abs. 1 Buchstabe b) DSGVO) zur Wahrung der berechtigten Interessen des Verantwortlichen (gem\u00e4\u00df 6 Abs. 1 Buchstabe f) DSGVO) sowie in F\u00e4llen, in denen der Verantwortliche gesetzlich zur Verarbeitung personenbezogener Daten berechtigt ist.<\/p>\n\n\n\n<ol start=\"4\" class=\"wp-block-list\">\n<li><strong>Zeitraum der Verarbeitung personenbezogener Daten<\/strong><\/li>\n<\/ol>\n\n\n\n<p>Die personenbezogenen Daten des Nutzers werden f\u00fcr den zur Erreichung der angegebenen Verarbeitungszwecke erforderlichen Zeitraum verarbeitet, jedoch nicht l\u00e4nger als bis zum Widerruf der Einwilligung oder bis zum Widerspruch gegen ihre Verarbeitung.<\/p>\n\n\n\n<ol start=\"5\" class=\"wp-block-list\">\n<li><strong>Datenempf\u00e4nger<\/strong><\/li>\n<\/ol>\n\n\n\n<p>Im Rahmen der Verarbeitung k\u00f6nnen die personenbezogenen Daten des Nutzers anderen Empf\u00e4ngern oder Kategorien von Empf\u00e4ngern personenbezogener Daten zug\u00e4nglich gemacht werden. Die Empf\u00e4nger der oben genannten Daten k\u00f6nnen Verarbeiter sein, die im Auftrag des Verantwortlichen auf der Grundlage eines Auftragsverarbeitungsvertrags Verarbeitungst\u00e4tigkeiten durchf\u00fchren.<\/p>\n\n\n\n<ol start=\"6\" class=\"wp-block-list\">\n<li><strong>Rechte der betroffenen Personen<\/strong><\/li>\n<\/ol>\n\n\n\n<p>Der Verantwortliche beschr\u00e4nkt die Erhebung und Nutzung von Informationen \u00fcber die Nutzer auf das erforderliche Minimum, das f\u00fcr die Erbringung von Dienstleistungen auf dem gew\u00fcnschten Niveau erforderlich ist. Der Verantwortliche wendet technische und organisatorische Ma\u00dfnahmen an, die die Privatsph\u00e4re und den Schutz der personenbezogenen Daten der Nutzer gew\u00e4hrleisten.<\/p>\n\n\n\n<p>Der Nutzer, dessen personenbezogene Daten betroffen sind, hat das Recht:<\/p>\n\n\n\n<ul class=\"wp-block-list\">\n<li>Vom Verantwortlichen Informationen \u00fcber die Verarbeitung ihrer personenbezogenen Daten zu verlangen, d. h. eine Best\u00e4tigung, ob die personenbezogenen Daten der betroffenen Person verarbeitet werden. Wenn personenbezogene Daten verarbeitet werden, ist die betroffene Person berechtigt, Zugang zu diesen Daten zu erhalten, eine Kopie davon zu erhalten und folgende Informationen zu erhalten: \u00fcber die Zwecke der Verarbeitung, die Kategorien personenbezogener Daten, Informationen \u00fcber die Empf\u00e4nger oder Kategorien von Empf\u00e4ngern, denen die Daten offengelegt wurden oder werden, \u00fcber die Dauer der Speicherung der Daten oder die Kriterien f\u00fcr deren Festlegung, \u00fcber die Rechte der Person im Zusammenhang mit der Verarbeitung ihrer personenbezogenen Daten, \u00fcber die M\u00f6glichkeit, eine Beschwerde bei der Aufsichtsbeh\u00f6rde einzureichen, \u00fcber die Quelle der personenbezogenen Daten, wenn diese nicht direkt von der betroffenen Person erhoben wurden, sowie \u00fcber die Profilerstellung und die automatisierte Verarbeitung von Entscheidungen (sog. Recht auf Zugang Art. 15 DSGVO);<\/li>\n\n\n\n<li>Personenbezogene Daten \u00fcber diese Person zu berichtigen. Erh\u00e4lt eine Person Kenntnis davon, dass ihre vom Verantwortlichen verarbeiteten personenbezogenen Daten unrichtig, veraltet oder unvollst\u00e4ndig sind, hat sie das Recht, deren unverz\u00fcgliche Berichtigung oder Erg\u00e4nzung zu verlangen (sog. Recht auf Berichtigung der Daten, Art. 16 DSGVO);<\/li>\n\n\n\n<li>Die L\u00f6schung seiner personenbezogenen Daten zu verlangen, und wenn die Person in die Verarbeitung personenbezogener Daten eingewilligt hat, hat der Antrag auf L\u00f6schung die gleiche Wirkung wie der Widerruf der Einwilligung (sog. Recht auf Vergessenwerden, Art. 17 DSGVO);<\/li>\n\n\n\n<li>Die Einschr\u00e4nkung der Verarbeitung personenbezogener Daten zu verlangen (sog. Recht auf Einschr\u00e4nkung der Verarbeitung, Art. 18 DSGVO); d.h. die Einstellung ihrer Verarbeitung zu verlangen, mit Ausnahme ihrer Speicherung, wenn:\n<ol start=\"1\" class=\"wp-block-list\">\n<li>Die betroffene Person die Richtigkeit der personenbezogenen Daten bestreitet \u2013 f\u00fcr den Zeitraum, in dem der Verantwortliche ihre Richtigkeit \u00fcberpr\u00fcft;<\/li>\n\n\n\n<li>Die betroffene Person die Rechtm\u00e4\u00dfigkeit der Verarbeitung personenbezogener Daten durch den Dienstleister bestreitet;<\/li>\n\n\n\n<li>Der Dienstleister diese Daten nicht mehr ben\u00f6tigt, sie jedoch f\u00fcr die betroffene Person zur Feststellung, Geltendmachung oder Verteidigung ihrer Anspr\u00fcche erforderlich sind;<\/li>\n\n\n\n<li>Die betroffene Person Widerspruch gegen die Verarbeitung eingelegt hat &#8211; bis der Verantwortliche \u00fcber die Rechtm\u00e4\u00dfigkeit des Widerspruchs entschieden hat;<\/li>\n<\/ol>\n<\/li>\n\n\n\n<li>Der Verarbeitung ihrer personenbezogenen Daten f\u00fcr rechtm\u00e4\u00dfig begr\u00fcndete Zwecke des Dienstleisters zu widersprechen;<\/li>\n\n\n\n<li>Seine personenbezogenen Daten zu \u00fcbertragen, die personenbezogenen Daten, die er dem Verantwortlichen zur Verf\u00fcgung gestellt hat, in einem strukturierten, g\u00e4ngigen und maschinenlesbaren Format zu erhalten, sofern deren Verarbeitung auf einer Einwilligung beruht, oder zu verlangen, dass diese Daten an einen anderen von ihm benannten Verantwortlichen \u00fcbermittelt werden (sog. Daten\u00fcbertragbarkeit, Art. 20 DSGVO).<\/li>\n<\/ul>\n\n\n\n<p>Um die oben genannten Rechte auszu\u00fcben, sollte die betroffene Person eine E-Mail an die am Anfang der Datenschutzerkl\u00e4rung angegebenen Kontaktdaten senden, in der sie angibt, welches Recht sie in welchem Umfang und auf welche Weise aus\u00fcben m\u00f6chte. Bitte geben Sie Ihre Kontaktdaten an, damit wir Sie w\u00e4hrend der Bearbeitung Ihres Antrags schnell erreichen k\u00f6nnen, insbesondere wenn wir die Identit\u00e4t des Antragstellers \u00fcberpr\u00fcfen oder uns vergewissern m\u00fcssen, welches Recht die Person in welchem Umfang in Anspruch nehmen m\u00f6chte (vorzugsweise eine Telefonnummer, dies ist jedoch nicht erforderlich).<\/p>\n\n\n\n<ol start=\"7\" class=\"wp-block-list\">\n<li><strong>M\u00f6glichkeit des Widerrufs der Zustimmung<\/strong><\/li>\n<\/ol>\n\n\n\n<p>Sofern die Verarbeitung von Nutzerdaten auf einer Einwilligung beruht, hat der Nutzer das Recht, diese Einwilligung jederzeit zu widerrufen, ohne dass die Rechtm\u00e4\u00dfigkeit der aufgrund der Einwilligung bis zum Widerruf erfolgten Verarbeitung ber\u00fchrt wird.<\/p>\n\n\n\n<p>Sofern Ihre Daten auf Grundlage Ihrer Einwilligung verarbeitet wurden, verhindert der Widerruf Ihrer Einwilligung die weitere Nutzung der vom Verantwortlichen angebotenen Dienste (d. h. des Kontaktformulars).<\/p>\n\n\n\n<ol start=\"8\" class=\"wp-block-list\">\n<li><strong>Datenverarbeitung au\u00dferhalb der EU<\/strong><\/li>\n<\/ol>\n\n\n\n<p>Der Verantwortliche erkl\u00e4rt, dass er die ihm anvertrauten personenbezogenen Daten nicht au\u00dferhalb der Europ\u00e4ischen Union weitergeben wird, es sei denn, er erh\u00e4lt zuvor die schriftliche Zustimmung der betroffenen Person und stellt sicher, dass alle Verpflichtungen aus der DSGVO hinsichtlich der \u00dcbermittlung personenbezogener Daten an Drittl\u00e4nder erf\u00fcllt werden.<\/p>\n\n\n\n<ol start=\"9\" class=\"wp-block-list\">\n<li><strong>Beschwerderecht bei einer Aufsichtsbeh\u00f6rde<\/strong><\/li>\n<\/ol>\n\n\n\n<p>Falls die Datenverarbeitung durch den Verantwortlichen gegen geltendes Recht verst\u00f6\u00dft, hat der Nutzer die M\u00f6glichkeit, eine Beschwerde beim Pr\u00e4sidenten der Datenschutzbeh\u00f6rde einzureichen.<\/p>\n\n\n\n<ol start=\"10\" class=\"wp-block-list\">\n<li><strong>Cookie-Richtlinie<\/strong><\/li>\n<\/ol>\n\n\n\n<p>Cookies sind Dateien, die auf dem Ger\u00e4t (Computer, Smartphone, Tablet) gespeichert werden, auf dem der Webbrowser installiert ist, mit dem der Nutzer Websites besucht.<\/p>\n\n\n\n<p>Um die Funktionalit\u00e4t der Website zu verbessern, erkl\u00e4rt der Verantwortliche, dass er verschiedene Arten von Cookies verwendet:<\/p>\n\n\n\n<ul class=\"wp-block-list\">\n<li>Cookies, die f\u00fcr das ordnungsgem\u00e4\u00dfe Funktionieren der Website erforderlich sind. Einige Cookies sind notwendig, um dem Nutzer die vollst\u00e4ndige Nutzung der Website und der darin angebotenen Funktionen zu erm\u00f6glichen. Wenn der Nutzer beispielsweise die Parameter zweier Produkte miteinander vergleichen m\u00f6chte, verwendet der Verantwortliche Cookies, um das verglichene Produkt zu speichern. W\u00e4hrenddessen kann der Nutzer auf der Website ein zweites Produkt zum Vergleich suchen.<\/li>\n\n\n\n<li>Cookies zur \u00dcberpr\u00fcfung von Besuchen. Dies bezieht sich auf Cookies, die sich an die Besuche des Nutzers auf der Website, Unterseiten und Links erinnern, auf die der Nutzer geklickt hat. Sie erm\u00f6glichen es, bestimmte Inhalte zu personalisieren und an die individuellen Pr\u00e4ferenzen der Nutzer anzupassen.<\/li>\n<\/ul>\n\n\n\n<p>Die vom Verantwortlichen verwendeten Cookies speichern keine personenbezogenen Daten des Nutzers. Die Identit\u00e4t des Nutzers wird nicht \u00fcber Cookies offengelegt.<\/p>\n\n\n\n<p>Die vom Verantwortlichen gesammelten Informationen werden nicht an andere Unternehmen oder Personen weitergegeben, die nicht gem\u00e4\u00df den allgemein geltenden Rechtsvorschriften dazu berechtigt und zur Verwaltung der Websites befugt sind.<\/p>\n\n\n\n<p>In jedem Fall kann der Nutzer die Installation von Cookies blockieren oder dauerhafte Cookies l\u00f6schen, indem er die entsprechenden Optionen in der Internetbrowser-Software verwendet. Bei Problemen empfehlen wir Ihnen, die Hilfefunktion Ihres Browsers zu nutzen oder sich an den Hersteller Ihres Browsers zu wenden.<\/p>\n\n\n\n<p>Jeder Nutzer, der mit der Verwendung von Cookies nicht einverstanden ist, ist verpflichtet, die Einstellungen seines Webbrowsers zu \u00e4ndern. Die Konfiguration des Benutzersystems, die die Verwendung von Cookies erm\u00f6glicht, bedeutet die Zustimmung zur Speicherung der Informationen durch den Verantwortlichen, Art. 173 Abs. 2 des Gesetzes vom 16. Juli 2004. &#8211; Telekommunikationsrecht.<\/p>\n\n\n\n<p>Auf dem Ger\u00e4t des Nutzers k\u00f6nnen auch Cookies von Websites Dritter gespeichert werden, insbesondere von Facebook, Google und LinkedIn. Informationen zu Cookies dieser Websites finden Sie auf den Websites dieser Anbieter.<\/p>\n\n\n\n<ol start=\"11\" class=\"wp-block-list\">\n<li><strong>Kontaktformular<\/strong><\/li>\n<\/ol>\n\n\n\n<p>Auf der Website gibt es ein Kontaktformular, \u00fcber das jeder Benutzer eine Nachricht an den Verantwortliche senden kann. Um das Kontaktformular nutzen zu k\u00f6nnen, gehen Sie bitte wie folgt vor:<\/p>\n\n\n\n<ol start=\"1\" class=\"wp-block-list\">\n<li>f\u00fcllen Sie die Felder \u201eBetreff\u201c und \u201eNachrichtentext\u201c aus und geben Sie den Titel und den Inhalt der Nachricht an den Verantwortlichen an;<\/li>\n\n\n\n<li>f\u00fcllen Sie das Feld \u201eE-Mail-Adresse\u201d aus und geben Sie die E-Mail-Adresse an, an die die Antwort des Verantwortlichen gesendet werden soll;<\/li>\n\n\n\n<li>der Verarbeitung der vom Nutzer angegebenen personenbezogenen Daten durch den Verantwortlichen zustimmen, indem das K\u00e4stchen mit der entsprechenden Einwilligungsklausel angekreuzt wird.<\/li>\n\n\n\n<li><strong>Welche Daten werden bei der Nutzung des Kontaktformulars erfasst?<\/strong><\/li>\n<\/ol>\n\n\n\n<p>Bei jeder Nutzung des Kontaktformulars wird die E-Mail-Adresse erfasst. Die Angabe Ihrer E-Mail-Adresse erm\u00f6glicht es dem Verantwortlichen, auf Ihre Nachricht zu antworten. Der Nutzer kann jedoch im Kontaktformular zus\u00e4tzliche Informationen angeben, wie z. B.: Vorname, Nachname, Telefonnummer, Firmenname, Korrespondenzadresse. Die Angabe der oben genannten Daten ist freiwillig und h\u00e4ngt vom Willen des Nutzers ab.<\/p>\n\n\n\n<ol start=\"13\" class=\"wp-block-list\">\n<li><strong>Profilierung<\/strong><\/li>\n<\/ol>\n\n\n\n<p>Der Verantwortliche f\u00fchrt Funktionen aus, um Informationen \u00fcber Nutzer und deren Verhalten auf folgende Weise zu erhalten:<\/p>\n\n\n\n<ul class=\"wp-block-list\">\n<li>durch freiwillig im Formular eingegebene Informationen (Nutzung des Kontaktformulars);<\/li>\n\n\n\n<li>durch das Sammeln von Cookies.<\/li>\n<\/ul>\n\n\n\n<p>Die vom Nutzer angegebenen Daten werden ausschlie\u00dflich zu dem Zweck verarbeitet, dem der Nutzer zugestimmt hat.<\/p>\n\n\n\n<p>Dem Nutzer als nat\u00fcrlicher Person steht jederzeit das Recht zu, Widerspruch gegen die Aufnahme in den Profiling-Mechanismus einzulegen. Der Verantwortliche erkl\u00e4rt, dass er \u00fcber technische Mittel verf\u00fcgt, die es einem Nutzer, der eine nat\u00fcrliche Person ist, erm\u00f6glichen, Widerspruch einzulegen.<\/p>\n\n\n\n<ol start=\"14\" class=\"wp-block-list\">\n<li><strong>Schlussbestimmungen<\/strong><\/li>\n<\/ol>\n\n\n\n<p>Der Verantwortliche beh\u00e4lt sich das Recht vor, \u00c4nderungen an der Datenschutzerkl\u00e4rung vorzunehmen, die durch die Entwicklung der Internet-Technologie und m\u00f6gliche \u00c4nderungen der Rechtsvorschriften im Bereich des Schutzes personenbezogener Daten beeinflusst werden k\u00f6nnen. Die Nutzer werden \u00fcber alle \u00c4nderungen in sichtbarer und verst\u00e4ndlicher Weise informiert.<\/p>\n\n\n\n<p>Bei Fragen zu den Bestimmungen der Datenschutzerkl\u00e4rung wenden Sie sich bitte an den Verantwortlichen unter den in der Datenschutzerkl\u00e4rung angegebenen Adressen.<\/p>\n\n\n\n<p><\/p>\n\n\n\n<p><\/p>\n\n\n\n<h2 class=\"wp-block-heading\"><strong>Informationsklausel f\u00fcr Auftragnehmer und deren Personal<\/strong><br><\/h2>\n\n\n\n<p>Information gem\u00e4\u00df Artikel 13 DSGVO:<\/p>\n\n\n\n<ol start=\"1\" class=\"wp-block-list\">\n<li>Verantwortlicher f\u00fcr die Verarbeitung Ihrer personenbezogenen Daten im Zusammenhang mit dem Abschluss eines Dienstleistungsvertrags ist <strong>LB THERM Sp. z o.o.<\/strong>, mit Sitz in Maza\u0144cowice 963, 43-391 Maza\u0144cowice, Polen, Tel.: +48 690 050 704.<\/li>\n\n\n\n<li>Datenschutzbeauftragter \u2013 Kontakt: iod@lbtherm.com<\/li>\n\n\n\n<li>Ihre personenbezogenen Daten werden zum Zweck des Abschlusses und der Durchf\u00fchrung des Vertrags verarbeitet \u2013 gem\u00e4\u00df Art. 6 Abs. 1 lit. b der Verordnung (EU) 2016\/679 des Europ\u00e4ischen Parlaments und des Rates vom 27. April 2016 (Datenschutz-Grundverordnung \u2013 DSGVO) sowie zur Erf\u00fcllung gesetzlicher Verpflichtungen, z. B. steuerrechtlicher Vorschriften (Art. 6 Abs. 1 lit. c DSGVO).<\/li>\n\n\n\n<li>Ihre Daten k\u00f6nnen ebenfalls zum Zweck der Geltendmachung, Aus\u00fcbung oder Verteidigung von Rechtsanspr\u00fcchen sowie zur Erf\u00fcllung rechtlicher Verpflichtungen des Verantwortlichen verarbeitet werden \u2013 auf Grundlage des berechtigten Interesses des Verantwortlichen (Art. 6 Abs. 1 lit. f DSGVO).<\/li>\n<\/ol>\n","protected":false},"excerpt":{"rendered":"<p>Diese Datenschutzerkl\u00e4rung (im Folgenden: \u201eDatenschutzerkl\u00e4rung\u201d) legt die Grunds\u00e4tze f\u00fcr die Erhebung, Verarbeitung und Nutzung personenbezogener Daten fest, die wir im Zusammenhang mit Ihrer Nutzung der Website und des Kontaktformulars von Ihnen erhalten. Die Datenschutzerkl\u00e4rung enth\u00e4lt auch Informationen zu Ihren Rechten im Zusammenhang mit der Datenverarbeitung. Wann immer im weiteren Verlauf der Datenschutzerkl\u00e4rung die folgenden Begriffe [&hellip;]<\/p>\n","protected":false},"author":1,"featured_media":0,"parent":0,"menu_order":0,"comment_status":"closed","ping_status":"closed","template":"","meta":{"_acf_changed":false,"_seopress_robots_primary_cat":"","_seopress_titles_title":"","_seopress_titles_desc":"","_seopress_robots_index":"","inline_featured_image":false,"footnotes":""},"class_list":["post-302","page","type-page","status-publish","hentry"],"acf":[],"_links":{"self":[{"href":"https:\/\/lbtherm.com\/de\/wp-json\/wp\/v2\/pages\/302","targetHints":{"allow":["GET"]}}],"collection":[{"href":"https:\/\/lbtherm.com\/de\/wp-json\/wp\/v2\/pages"}],"about":[{"href":"https:\/\/lbtherm.com\/de\/wp-json\/wp\/v2\/types\/page"}],"author":[{"embeddable":true,"href":"https:\/\/lbtherm.com\/de\/wp-json\/wp\/v2\/users\/1"}],"replies":[{"embeddable":true,"href":"https:\/\/lbtherm.com\/de\/wp-json\/wp\/v2\/comments?post=302"}],"version-history":[{"count":4,"href":"https:\/\/lbtherm.com\/de\/wp-json\/wp\/v2\/pages\/302\/revisions"}],"predecessor-version":[{"id":868,"href":"https:\/\/lbtherm.com\/de\/wp-json\/wp\/v2\/pages\/302\/revisions\/868"}],"wp:attachment":[{"href":"https:\/\/lbtherm.com\/de\/wp-json\/wp\/v2\/media?parent=302"}],"curies":[{"name":"wp","href":"https:\/\/api.w.org\/{rel}","templated":true}]}}